{"id":3,"date":"2020-02-28T15:22:10","date_gmt":"2020-02-28T15:22:10","guid":{"rendered":"http:\/\/wbk.test\/?page_id=3"},"modified":"2026-04-10T09:24:44","modified_gmt":"2026-04-10T07:24:44","slug":"datenschutz","status":"publish","type":"page","link":"https:\/\/www.mms-retailmedia.com\/de\/datenschutz\/","title":{"rendered":"Datenschutz"},"content":{"rendered":"<p><div class=\"fusion-fullwidth fullwidth-box fusion-builder-row-1 fusion-flex-container nonhundred-percent-fullwidth non-hundred-percent-height-scrolling\" style=\"--awb-background-position:left top;--awb-border-radius-top-left:0px;--awb-border-radius-top-right:0px;--awb-border-radius-bottom-right:0px;--awb-border-radius-bottom-left:0px;--awb-background-color:var(--awb-color6);--awb-flex-wrap:wrap;\" ><div class=\"fusion-builder-row fusion-row fusion-flex-align-items-flex-start fusion-flex-content-wrap\" style=\"max-width:1331.2px;margin-left: calc(-4% \/ 2 );margin-right: calc(-4% \/ 2 );\"><div class=\"fusion-layout-column fusion_builder_column fusion-builder-column-0 fusion_builder_column_1_1 1_1 fusion-flex-column\" style=\"--awb-bg-size:cover;--awb-width-large:100%;--awb-margin-top-large:0px;--awb-spacing-right-large:1.92%;--awb-margin-bottom-large:20px;--awb-spacing-left-large:1.92%;--awb-width-medium:100%;--awb-order-medium:0;--awb-spacing-right-medium:1.92%;--awb-spacing-left-medium:1.92%;--awb-width-small:100%;--awb-order-small:0;--awb-spacing-right-small:1.92%;--awb-spacing-left-small:1.92%;\"><div class=\"fusion-column-wrapper fusion-column-has-shadow fusion-flex-justify-content-flex-start fusion-content-layout-column\"><div class=\"fusion-title title fusion-title-1 fusion-sep-none fusion-title-text fusion-title-size-one\" style=\"--awb-text-color:var(--awb-color1);--awb-margin-top:110px;--awb-font-size:48px;\"><h1 class=\"fusion-title-heading title-heading-left fusion-responsive-typography-calculated\" style=\"font-family:var(--awb-typography1-font-family);font-weight:var(--awb-typography1-font-weight);font-style:var(--awb-typography1-font-style);margin:0;font-size:1em;text-transform:uppercase;--fontSize:48;line-height:var(--awb-typography1-line-height);\">Datenschutz<\/h1><\/div><\/div><\/div><\/div><\/div><div class=\"fusion-fullwidth fullwidth-box fusion-builder-row-2 fusion-flex-container nonhundred-percent-fullwidth non-hundred-percent-height-scrolling\" style=\"--awb-border-radius-top-left:0px;--awb-border-radius-top-right:0px;--awb-border-radius-bottom-right:0px;--awb-border-radius-bottom-left:0px;--awb-padding-top:110px;--awb-padding-bottom:110px;--awb-padding-top-medium:80px;--awb-padding-bottom-medium:80px;--awb-padding-top-small:40px;--awb-padding-bottom-small:40px;--awb-flex-wrap:wrap;\" ><div class=\"fusion-builder-row fusion-row fusion-flex-align-items-flex-start fusion-flex-content-wrap\" style=\"max-width:1331.2px;margin-left: calc(-4% \/ 2 );margin-right: calc(-4% \/ 2 );\"><div class=\"fusion-layout-column fusion_builder_column fusion-builder-column-1 fusion_builder_column_1_1 1_1 fusion-flex-column\" style=\"--awb-bg-size:cover;--awb-width-large:100%;--awb-margin-top-large:0px;--awb-spacing-right-large:1.92%;--awb-margin-bottom-large:20px;--awb-spacing-left-large:1.92%;--awb-width-medium:100%;--awb-order-medium:0;--awb-spacing-right-medium:1.92%;--awb-spacing-left-medium:1.92%;--awb-width-small:100%;--awb-order-small:0;--awb-spacing-right-small:1.92%;--awb-spacing-left-small:1.92%;\"><div class=\"fusion-column-wrapper fusion-column-has-shadow fusion-flex-justify-content-flex-start fusion-content-layout-column\"><div class=\"fusion-title title fusion-title-2 fusion-sep-none fusion-title-text fusion-title-size-three\" style=\"--awb-font-size:32px;\"><h3 class=\"fusion-title-heading title-heading-left awb-gradient-text fusion-responsive-typography-calculated\" style=\"font-family:var(--awb-typography1-font-family);font-weight:var(--awb-typography1-font-weight);font-style:var(--awb-typography1-font-style);margin:0;font-size:1em;background-color:var(--awb-color4);background-image:radial-gradient(circle at left center, var(--awb-color4) 12%,var(--awb-color4) 39%);--fontSize:32;line-height:var(--awb-typography1-line-height);\">Datenschutzhinweise f\u00fcr die Webseite www.mms-retailmedia.com<\/h3><\/div><div class=\"fusion-text fusion-text-1\"><p>Die folgenden Datenschutzhinweise informieren Sie dar\u00fcber, wie wir Ihre pers\u00f6nlichen Daten verwenden. Dabei halten wir uns an die Bestimmungen des deutschen Datenschutzrechts sowie an die Anforderungen aus der europ\u00e4ischen Datenschutz-Grundverordnung (DS-GVO).<\/p>\n<\/div><div class=\"fusion-title title fusion-title-3 fusion-sep-none fusion-title-text fusion-title-size-three\" style=\"--awb-font-size:32px;\"><h3 class=\"fusion-title-heading title-heading-left awb-gradient-text fusion-responsive-typography-calculated\" style=\"font-family:&quot;Bitter&quot;;font-style:normal;font-weight:700;margin:0;font-size:1em;text-transform:none;background-color:var(--awb-color4);background-image:radial-gradient(circle at left center, var(--awb-color4) 12%,var(--awb-color4) 39%);--fontSize:32;line-height:var(--awb-typography1-line-height);\">Verantwortlicher<\/h3><\/div><div class=\"fusion-text fusion-text-2\"><p>F\u00fcr die Website www.mms-retailmedia.com ist Verantwortliche im Sinne der DSGVO:<br \/>\nMedia-Saturn Marketing GmbH,<br \/>\nMaria-Probst-Stra\u00dfe 9, 80939 M\u00fcnchen<br \/>\nGesch\u00e4ftsf\u00fchrer: Torsten Ahlers, Boris Prondzinski,<\/p>\n<\/div><div class=\"fusion-title title fusion-title-4 fusion-sep-none fusion-title-text fusion-title-size-two\" style=\"--awb-font-size:32px;\"><h2 class=\"fusion-title-heading title-heading-left awb-gradient-text fusion-responsive-typography-calculated\" style=\"font-family:var(--awb-typography1-font-family);font-weight:var(--awb-typography1-font-weight);font-style:var(--awb-typography1-font-style);margin:0;font-size:1em;text-transform:none;background-color:var(--awb-color4);background-image:radial-gradient(circle at left center, var(--awb-color4) 12%,var(--awb-color4) 39%);--fontSize:32;line-height:1.5;\">Kontakt Datenschutzbeauftragter<\/h2><\/div><div class=\"fusion-text fusion-text-3\"><p>Wenn Sie Fragen zum Datenschutz haben oder wenn Sie die Ihnen nach der DSGVO zustehenden Rechte aus\u00fcben m\u00f6chten, gen\u00fcgt eine einfache Nachricht an unseren Datenschutzbeauftragten. Sie k\u00f6nnen dazu folgende Kontaktdaten verwenden:<\/p>\n<p>Per Post:<\/p>\n<p>MediaMarktSaturn Retail Group GmbH<br \/>\n&#8211; Datenschutz &#8211;<br \/>\nMedia-Saturn-Stra\u00dfe 1<br \/>\n85053 Ingolstadt<\/p>\n<p>Per E-Mail: datenschutz@mediamarktsaturn.com<br \/>\nZu Ihrem eigenen Schutz behalten wir uns vor, bei einer vorliegenden Anfrage, weitere Informationen einzuholen, die zur Best\u00e4tigung Ihrer Identit\u00e4t erforderlich sind und falls eine Identifizierung nicht m\u00f6glich sein sollte, die Bearbeitung der Anfrage zu verweigern.<\/p>\n<\/div><div class=\"fusion-title title fusion-title-5 fusion-sep-none fusion-title-text fusion-title-size-three\" style=\"--awb-font-size:32px;\"><h3 class=\"fusion-title-heading title-heading-left awb-gradient-text fusion-responsive-typography-calculated\" style=\"font-family:var(--awb-typography1-font-family);font-weight:var(--awb-typography1-font-weight);font-style:var(--awb-typography1-font-style);margin:0;font-size:1em;background-color:var(--awb-color4);background-image:radial-gradient(circle at left center, var(--awb-color4) 12%,var(--awb-color4) 39%);--fontSize:32;line-height:var(--awb-typography1-line-height);\">Zwecke und Rechtsgrundlagen der Datenverarbeitung<\/h3><\/div><div class=\"fusion-text fusion-text-4\"><p>Wir verarbeiten Ihre personenbezogenen Daten f\u00fcr folgende Zwecke:<br \/>\n\u2022 Kontaktaufnahme<br \/>\n\u2022 Statistische Auswertungen, Missbrauchsverhinderung, und Durchsetzung von Rechtsanspr\u00fcchen<br \/>\n\u2022 Cookies und andere Technologien<br \/>\nIm Einzelnen hierzu:<\/p>\n<p><strong>a) Kontaktaufnahme<\/strong><\/p>\n<p>Bei Ihrer Kontaktaufnahme mit uns per Telefon, E-Mail oder \u00fcber ein Kontaktformular werden die von Ihnen mitgeteilten Daten von uns verarbeitet, soweit sie erforderlich sind, um Ihre Fragen zu beantworten. Die Kontaktaufnahme wird protokolliert, um rechtlichen Anforderungen nachkommen zu k\u00f6nnen.<br \/>\nRechtsgrundlage ist Art. 6 Abs. 1 lit. b, c DSGVO.<\/p>\n<p><strong>b) Statistische Auswertungen, Missbrauchsverhinderung und Durchsetzung von Rechtsanspr\u00fcchen<\/strong><\/p>\n<p>Wir verarbeiten Ihre Daten auch zur Erstellung von Statistiken zur Verbesserung unserer Produkte und Service-Leistungen. Ihre Daten werden bei dieser Verarbeitung pseudonymisiert und nicht auf Einzelkundenbasis ausgewertet oder zur Vorhersage Ihrer pers\u00f6nlichen Pr\u00e4ferenzen verwendet.<br \/>\nDie Verarbeitung Ihrer Daten kann aber auch z. B. f\u00fcr die Gew\u00e4hrleistung der IT-Sicherheit und des IT-Betriebs oder zur Verhinderung und Aufkl\u00e4rung von Straftaten und Missbrauchsf\u00e4llen, insbesondere durch Datenanalysen, erforderlich sein.<br \/>\nSchlie\u00dflich verarbeiten wir Ihre personenbezogenen Daten, soweit wir dazu rechtlich verpflichtet sind, etwa aufgrund beh\u00f6rdlicher oder gerichtlicher Anordnung und f\u00fcr die Wahrnehmung unserer Rechte sowie zur Rechtsverteidigung.<br \/>\nRechtsgrundlage hierf\u00fcr ist Art. 6 Abs. 1 lit. f DSGVO bzw. Art. 6 Abs. 1 lit. c DSGVO.<\/p>\n<p><strong>c) Cookies und andere Technologien<\/strong><\/p>\n<p>Wir setzen auf unserer Webseite Cookies und andere Technologien ein, die wir zwingend f\u00fcr den Betrieb der Webseite ben\u00f6tigen (Kategorie \u201eTechnisch notwendig\u201c)Hierbei werden Endger\u00e4teinformationen und\/oder personenbezogenen Daten verarbeitet. Da die Dienste f\u00fcr den Betrieb der Webseite zwingend ben\u00f6tigt werden, um die Funktionalit\u00e4t und IT-Sicherheit der Webseite sicherzustellen und die Inhalte unserer Webseite korrekt auszuliefern, ist die Rechtsgrundlage f\u00fcr diese Datenverarbeitung Art. 6 Abs. 1 S. 1 lit. b DSGVO sowie \u00a7 25 Abs. 2 Nr. Eine Cookie\u00fcbersicht und n\u00e4here Informationen zu den einzelnen Diensten2 TTDSG. Finden Sie, indem Sie auf das blaue Cookie-Symbol unten links auf dem Bildschirm klicken.<\/p>\n<\/div><div class=\"fusion-title title fusion-title-6 fusion-sep-none fusion-title-text fusion-title-size-two\" style=\"--awb-font-size:32px;\"><h2 class=\"fusion-title-heading title-heading-left awb-gradient-text fusion-responsive-typography-calculated\" style=\"font-family:var(--awb-typography1-font-family);font-weight:var(--awb-typography1-font-weight);font-style:var(--awb-typography1-font-style);margin:0;font-size:1em;text-transform:none;background-color:var(--awb-color4);background-image:radial-gradient(circle at left center, var(--awb-color4) 12%,var(--awb-color4) 39%);--fontSize:32;line-height:1.5;\">Empf\u00e4nger Ihrer personenbezogenen Daten<\/h2><\/div><div class=\"fusion-text fusion-text-5\"><p>Bei der Weitergabe Ihrer personenbezogenen Daten achten wir stets auf ein m\u00f6glichst hohes Sicherheitsniveau. Daher werden Ihre Daten nur an konzernverbundene Unternehmen sowie ggf. an vorher sorgf\u00e4ltig ausgew\u00e4hlte und vertraglich verpflichtete Dienstleister und Vertrags- und Kooperationspartner weitergegeben.<\/p>\n<p><strong>a) Konzernverbundene Unternehmen<\/strong><\/p>\n<p>Die mit uns konzernverbundenen Unternehmen (\u00a7\u00a7 15 ff. AktG) erhalten Ihre Daten damit wir Ihnen alle Services und Angebote zur Verf\u00fcgung stellen k\u00f6nnen.<br \/>\nRechtsgrundlage ist Art. 6 Abs. 1 lit. b DSGVO oder Art. 6 Abs. 1 lit. f DSGVO.<\/p>\n<p><strong>b) Drittdienstleister und Auftragsverarbeiter<\/strong><\/p>\n<p>Um unsere vertraglichen und gesetzlichen Pflichten erf\u00fcllen zu k\u00f6nnen, setzen wir auch externe Dienstleister ein. Ihre Daten k\u00f6nnen an eigenst\u00e4ndig verantwortliche Drittdienstleister oder an Auftragsverarbeiter im Sinne von Art. 28 DSGVO weitergegeben werden, z. B. zur Sicherstellung unseres IT-Betriebs und zum Versand unseres Newsletters. Soweit diese Unternehmen im Wege einer Auftragsverarbeitung f\u00fcr uns t\u00e4tig werden, d\u00fcrfen sie die zur Verf\u00fcgung gestellten personenbezogenen Daten ausschlie\u00dflich nach unseren Weisungen und zu den von uns vorgegebenen Zwecken verarbeiten, Art. 28 DSGVO. Bez\u00fcglich einer etwaigen Datenverarbeitung au\u00dferhalb der EU beachten Sie bitte diesen Abschnitt.<\/p>\n<p><strong>c) Weitergabe an sonstige Dritte<\/strong><\/p>\n<p>Wir werden Ihre Daten im Rahmen der bestehenden Datenschutzgesetze an Dritte oder staatliche Stellen weitergeben, wenn wir dazu aufgrund beh\u00f6rdlicher oder gerichtlicher Anordnung rechtlich verpflichtet sind oder wenn wir dazu berechtigt sind, z.B. weil dies zur Verfolgung von Straftaten oder f\u00fcr die Wahrnehmung und Durchsetzung unserer Rechte und Anspr\u00fcche erforderlich ist.<br \/>\nRechtsgrundlage ist Art. 6 Abs. 1 lit. c und f DSGVO.<\/p>\n<\/div><div class=\"fusion-title title fusion-title-7 fusion-sep-none fusion-title-text fusion-title-size-two\" style=\"--awb-font-size:32px;\"><h2 class=\"fusion-title-heading title-heading-left awb-gradient-text fusion-responsive-typography-calculated\" style=\"font-family:var(--awb-typography1-font-family);font-weight:var(--awb-typography1-font-weight);font-style:var(--awb-typography1-font-style);margin:0;font-size:1em;text-transform:none;background-color:var(--awb-color4);background-image:radial-gradient(circle at left center, var(--awb-color4) 12%,var(--awb-color4) 39%);--fontSize:32;line-height:1.5;\">Daten\u00fcbermittlung in Drittl\u00e4nder<\/h2><\/div><div class=\"fusion-text fusion-text-6\"><p>Wir legen Wert darauf, Ihre Daten innerhalb der EU zu verarbeiten. Es kann allerdings vorkommen, dass wir im Rahmen der Administration, Entwicklung und des Betriebs von IT-Systemen sowie der Marketing- und Kundenkommunikation Dienstleister einsetzen, die Daten au\u00dferhalb der EU verarbeiten (\u201eDrittl\u00e4nder\u201c). In diesen L\u00e4ndern kann trotz sorgf\u00e4ltiger Auswahl und Verpflichtung der Dienstleister, das hohe europ\u00e4ische Datenschutzniveau nicht zwingend garantiert werden. Sofern eine Daten\u00fcbermittlung in die USA stattfindet, besteht bspw. das Risiko, dass diese Daten von US-Beh\u00f6rden zu Kontroll- und \u00dcberwachungszwecken verarbeitet werden k\u00f6nnen, ohne dass wirksame Rechtsbehelfe vorhanden oder s\u00e4mtliche Betroffenenrechte durchsetzbar sind.<\/p>\n<p>Sofern wir Dienstleister in Drittl\u00e4ndern einsetzen, ergreifen wir zur Gew\u00e4hrleistung eines ausreichenden Datenschutzniveaus bei der \u00dcbermittlung von personenbezogenen Daten zus\u00e4tzliche Ma\u00dfnahmen gem. Art. 44 ff. DSGVO und stellen somit sicher, dass die \u00dcbermittlung grunds\u00e4tzlich zul\u00e4ssig ist und dass die besonderen Voraussetzungen f\u00fcr eine \u00dcbermittlung in ein Drittland vorliegen (z.B. durch Abschluss von EU-Standardvertr\u00e4gen und zus\u00e4tzlichen Garantien, erg\u00e4nzende technische und organisatorische Ma\u00dfnahmen, wie Verschl\u00fcsselung oder Anonymisierung).<\/p>\n<\/div><div class=\"fusion-title title fusion-title-8 fusion-sep-none fusion-title-text fusion-title-size-two\" style=\"--awb-font-size:32px;\"><h2 class=\"fusion-title-heading title-heading-left awb-gradient-text fusion-responsive-typography-calculated\" style=\"font-family:var(--awb-typography1-font-family);font-weight:var(--awb-typography1-font-weight);font-style:var(--awb-typography1-font-style);margin:0;font-size:1em;text-transform:none;background-color:var(--awb-color4);background-image:radial-gradient(circle at left center, var(--awb-color4) 12%,var(--awb-color4) 39%);--fontSize:32;line-height:1.2;\">Cookie Consent Manager CCM19<\/h2><\/div><div class=\"fusion-text fusion-text-7\"><p>Wir nutzen die Cookie-Consent-Technologie von CCM19 Cookie, damit wir Ihre Einwilligung zur Verwendung einwilligungspflichtiger Cookies einholen und diese dokumentieren k\u00f6nnen. Anbieter von CCM19 Cookie ist die Papoo Software &amp; Media GmbH \u2013 Dr. Carsten Euwens. Bornschein, Auguststr. 4, 53229 Bonn (im Folgenden CCM19).<\/p>\n<p>Bei Besuch unserer Website wird ein CCM19-Cookie in Ihrem Browser gespeichert, in welchem die von Ihnen erteilten Einwilligungen oder der Widerruf dieser Einwilligungen gespeichert werden.<\/p>\n<p>Die Speicherdauer des Cookies betr\u00e4gt 1 Jahr.<\/p>\n<p>Der Cookie speichert folgende Informationen:<\/p>\n<p>Datum und Uhrzeit des Seitenaufrufs<br \/>\neine Zufalls-ID<br \/>\nConsent Status<br \/>\nDie Rechtsgrundlage f\u00fcr die Verarbeitung der Daten ist Art. 6 Abs. 1 S. 1 lit. f DSGVO und \u00a7 25 Abs. 2 Nr. 2 TDDDG. Unser berechtigtes Interesse f\u00fcr die Verwendung von CCM19 liegt in der Erf\u00fcllung der Vorgaben des TDDDG.<\/p>\n<p>Die Installation des Cookies sowie dessen Speicherung, und damit seine Cookie-Zustimmung, kann der Nutzer durch Einstellungen seines Browsers jederzeit verhindern bzw. beenden.<\/p>\n<p>Weitere Informationen zum Datenschutz bei CCM19 finden Sie hier: https:\/\/www.ccm19.de\/datenschutzerklaerung.html<\/p>\n<\/div><div class=\"fusion-title title fusion-title-9 fusion-sep-none fusion-title-text fusion-title-size-two\" style=\"--awb-font-size:32px;\"><h2 class=\"fusion-title-heading title-heading-left awb-gradient-text fusion-responsive-typography-calculated\" style=\"font-family:var(--awb-typography1-font-family);font-weight:var(--awb-typography1-font-weight);font-style:var(--awb-typography1-font-style);margin:0;font-size:1em;text-transform:none;background-color:var(--awb-color4);background-image:radial-gradient(circle at left center, var(--awb-color4) 12%,var(--awb-color4) 39%);--fontSize:32;line-height:1.2;\">Independent Analytics<\/h2><\/div><div class=\"fusion-text fusion-text-8\"><p>Unsere Website verwendet die Open-Source-Software <a href=\"https:\/\/independentwp.com\/\" target=\"_blank\" rel=\"noopener\"><strong>Independent Analytics<\/strong><\/a>, um zu analysieren, wie Besucher auf unsere Website zugreifen.<\/p>\n<p><a href=\"https:\/\/independentwp.com\/\" target=\"_blank\" rel=\"noopener\"><strong>Independent Analytics<\/strong><\/a> verwendet keine Cookies und es werden keine personenbezogenen Daten gespeichert. Daten zum Besucherverhalten werden in unserer eigenen Datenbank gespeichert. Eine Weitergabe an andere Server findet nicht statt.<\/p>\n<\/div><div class=\"fusion-title title fusion-title-10 fusion-sep-none fusion-title-text fusion-title-size-two\" style=\"--awb-font-size:32px;\"><h2 class=\"fusion-title-heading title-heading-left awb-gradient-text fusion-responsive-typography-calculated\" style=\"font-family:var(--awb-typography1-font-family);font-weight:var(--awb-typography1-font-weight);font-style:var(--awb-typography1-font-style);margin:0;font-size:1em;text-transform:none;background-color:var(--awb-color4);background-image:radial-gradient(circle at left center, var(--awb-color4) 12%,var(--awb-color4) 39%);--fontSize:32;line-height:1.2;\">Microsoft Clarity<\/h2><\/div><div class=\"fusion-text fusion-text-9\"><p>Wir setzen auf unserer Webseite das Tool \u201eMicrosoft Clarity\u201c der Microsoft Corporation, One Microsoft Way, Redmond, WA 98052-6399, USA ein. Microsoft Clarity ist ein sogenanntes Screen-Recording-Tool, welches die Aktivit\u00e4ten eines Nutzers auf unseren Webseiten w\u00e4hrend einer Sitzung aufzeichnet und f\u00fcr uns nachvollziehbar aufbereitet. Die Aufzeichnung und Auswertung von Webseiten-Aktivit\u00e4ten dient der Verbesserung der Nutzerfreundlichkeit unserer Webseiten sowie der Fehleranalyse.<\/p>\n<p>Dar\u00fcber hinaus erfolgt eine Verarbeitung Ihrer personenbezogenen Daten zu den folgenden Zwecken:<\/p>\n<ul>\n<li>Tracking (bspw. interessens-\/verhaltensbezogenes Profiling, Nutzung von Cookies)<\/li>\n<li>Remarketing und Konversionsmessung (Messung der Effektivit\u00e4t von Marketingma\u00dfnahmen)<\/li>\n<li>Interessenbasiertes und verhaltensbezogenes Marketing<\/li>\n<li>Profiling (Erstellen von Nutzerprofilen)<\/li>\n<li>Reichweitenmessung (bspw. Zugriffsstatistiken, Erkennung wiederkehrender Nutzer) und<\/li>\n<li>Cross-Device Tracking (ger\u00e4te\u00fcbergreifende Verarbeitung von Nutzerdaten f\u00fcr Marketingzwecke)<\/li>\n<\/ul>\n<p>Im Rahmen des Einsatzes von Microsoft Clarity werden verschiedene personenbezogene Informationen erhoben. Das betrifft insbesondere:<\/p>\n<ul>\n<li>Nutzungsdaten (bspw. besuchte Internetpr\u00e4sentationen, Interesse an Inhalten, Zugriffszeiten)<\/li>\n<li>Meta-\/Kommunikationsdaten (bspw. Informationen \u00fcber den Seitenaufruf, UserID, SessionID)<\/li>\n<li>Standortdaten (Angaben zur geografischen Position eines Ger\u00e4tes)<\/li>\n<li>Analysedaten (Informationen zu den Nutzer-Interaktionen auf der Webseite, z.B. Klicken, Scrollen, Maus-Bewegungen) und<\/li>\n<li>Diagnosedaten, z.B. Skript- und Image-Fehler, fehlerhafte Interaktionen mit Schaltfl\u00e4chen (Dead Clicks)<\/li>\n<\/ul>\n<p>Weitere Informationen zu den gesammelten Informationen k\u00f6nnen \u00fcber die folgende Webseite aufgerufen werden:<br \/>\n<strong><a href=\"https:\/\/learn.microsoft.com\/en-us\/clarity\/setup-and-installation\/clarity-data\" target=\"_blank\">https:\/\/learn.microsoft.com\/en-us\/clarity\/setup-and-installation\/clarity-data<\/a><\/strong>  <\/p>\n<p>Die gesammelten Informationen k\u00f6nnen laut Microsoft auch f\u00fcr Marketingzwecke genutzt werden.<\/p>\n<p>Die Datenverarbeitung erfolgt durch die Microsoft Corporation mit Sitz in den USA. Die Microsoft Corporation ist nach dem Data Privacy Framework zertifiziert, sodass f\u00fcr Daten\u00fcbermittlungen ein Angemessenheitsbeschluss der Europ\u00e4ischen Kommission im Sinne von Art. 45 DSGVO vorliegt. Der Status der Zertifizierung kann hier eingesehen werden:<br \/>\n<strong><a href=\"https:\/\/www.dataprivacyframework.gov\/s\/\" target=\"_blank\">https:\/\/www.dataprivacyframework.gov\/s\/<\/a><\/strong><\/p>\n<p>Rechtsgrundlage f\u00fcr die Verarbeitung Ihrer personenbezogenen Daten ist Ihre Einwilligung (Art. 6 Abs. 1 S. 1 lit. a DSGVO und \u00a7 25 Abs. 1 TDDDG). Ihre Einwilligung k\u00f6nnen Sie jederzeit mit Wirkung f\u00fcr die Zukunft widerrufen.<\/p>\n<p>Um Ihre Einwilligung zu widerrufen, k\u00f6nnen Sie einfach Ihre Cookie-Einstellungen \u00fcber den entsprechenden Button auf unserer Website anpassen.<\/p>\n<p>Sie k\u00f6nnen auch jederzeit Ihre Zustimmung zur Datenverarbeitung gegen\u00fcber Microsoft widerrufen:<br \/>\n<strong><a href=\"https:\/\/choice.microsoft.com\/de-DE\/opt-out\" target=\"_blank\">https:\/\/choice.microsoft.com\/de-DE\/opt-out<\/a><\/strong><\/p>\n<p>Weitere Informationen zur Funktionsweise des Tools:<br \/>\n<strong><a href=\"https:\/\/clarity.microsoft.com\/lang\/de-de\" target=\"_blank\">https:\/\/clarity.microsoft.com\/lang\/de-de<\/a><\/strong>  <\/p>\n<p>Datenschutzerkl\u00e4rung von Microsoft:<br \/>\n<strong><a href=\"https:\/\/privacy.microsoft.com\/de-de\/privacystatement\" target=\"_blank\">https:\/\/privacy.microsoft.com\/de-de\/privacystatement<\/a><\/strong><\/p>\n<\/div><div class=\"fusion-title title fusion-title-11 fusion-sep-none fusion-title-text fusion-title-size-two\" style=\"--awb-font-size:32px;\"><h2 class=\"fusion-title-heading title-heading-left awb-gradient-text fusion-responsive-typography-calculated\" style=\"font-family:var(--awb-typography1-font-family);font-weight:var(--awb-typography1-font-weight);font-style:var(--awb-typography1-font-style);margin:0;font-size:1em;text-transform:none;background-color:var(--awb-color4);background-image:radial-gradient(circle at left center, var(--awb-color4) 12%,var(--awb-color4) 39%);--fontSize:32;line-height:1.2;\">Dauer der Speicherung und routinem\u00e4\u00dfige L\u00f6schung von personenbezogenen Daten<\/h2><\/div><div class=\"fusion-text fusion-text-10\"><p>Wir verarbeiten und speichern Ihre personenbezogenen Daten nur f\u00fcr den Zeitraum, der zur Erf\u00fcllung des jeweiligen Verarbeitungszweckes erforderlich ist oder sofern dies in Gesetzen oder Vorschriften vorgesehen wurde. Nach Wegfall oder Erf\u00fcllung des Zwecks werden Ihre personenbezogenen Daten gel\u00f6scht bzw. gesperrt. Im Fall der Sperrung erfolgt die L\u00f6schung, sobald gesetzliche oder vertragliche Aufbewahrungsfristen nicht entgegenstehen.<\/p>\n<\/div><div class=\"fusion-title title fusion-title-12 fusion-sep-none fusion-title-text fusion-title-size-two\" style=\"--awb-text-color:var(--awb-color4);--awb-font-size:32px;\"><h2 class=\"fusion-title-heading title-heading-left awb-gradient-text fusion-responsive-typography-calculated\" style=\"font-family:var(--awb-typography1-font-family);font-weight:var(--awb-typography1-font-weight);font-style:var(--awb-typography1-font-style);margin:0;font-size:1em;text-transform:none;background-color:var(--awb-color4);background-image:radial-gradient(circle at left center, var(--awb-color4) 12%,var(--awb-color4) 39%);--fontSize:32;line-height:1.5;\">Ihre Rechte<\/h2><\/div><div class=\"fusion-text fusion-text-11\"><p>Selbstverst\u00e4ndlich haben Sie in Bezug auf die Erhebung Ihrer Daten Rechte, \u00fcber die wir Sie hiermit gern aufkl\u00e4ren. Sie haben nach den gesetzlichen Vorgaben ein Recht<br \/>\n\u2022 auf Auskunft durch uns \u00fcber die Sie betreffenden personenbezogenen Daten (Art. 15 DSGVO)<\/p>\n<p>\u2022 auf Berichtigung (Art. 16 DSGVO)<\/p>\n<p>\u2022 auf L\u00f6schung (Art. 17 DSGVO)<\/p>\n<p>\u2022 auf Einschr\u00e4nkung der Verarbeitung (Art. 18 DSGVO)<\/p>\n<p>\u2022 auf Daten\u00fcbertragbarkeit (Art. 20 DSGVO)<\/p>\n<p><strong>\u2022 auf Widerspruch gegen die Verarbeitung (Art. 21 DSGVO)<\/strong><br \/>\n<strong>Sofern Ihre personenbezogenen Daten auf Grundlage von berechtigten Interessen gem\u00e4\u00df Art. 6 Abs. 1 lit. f DSGVO verarbeitet werden, haben Sie das Recht, gem\u00e4\u00df Art. 21 DSGVO jederzeit Widerspruch gegen die Verarbeitung einzulegen.<\/strong><\/p>\n<p><strong>\u2022 auf Widerruf einer erteilten Einwilligung (Art. 7 Abs. 3 DSGVO)<\/strong><br \/>\n<strong>Sofern Ihre personenbezogenen Daten auf Grundlage einer Einwilligung verarbeitet werden, wird die Rechtm\u00e4\u00dfigkeit der bis zum Widerruf erfolgten Verarbeitung durch den Widerruf nicht ber\u00fchrt.<\/strong><\/p>\n<p>Wenn Sie Ihre Rechte aus\u00fcben m\u00f6chten, gen\u00fcgt eine einfache Nachricht an unseren Datenschutzbeauftragten:<\/p>\n<p>Per Post:<br \/>\nMediaMarktSaturn Retail Group GmbH<br \/>\n&#8211; Datenschutz &#8211;<br \/>\nMedia-Saturn-Stra\u00dfe 1, 85053 Ingolstadt<\/p>\n<p>E-Mail: datenschutz@mediamarktsaturn.com<\/p>\n<p>Zu Ihrem eigenen Schutz behalten wir uns vor, bei einer vorliegenden Anfrage, weitere Informationen einzuholen, die zur Best\u00e4tigung Ihrer Identit\u00e4t erforderlich sind und falls eine Identifizierung nicht m\u00f6glich sein sollte, die Bearbeitung der Anfrage zu verweigern.<\/p>\n<\/div><div class=\"fusion-title title fusion-title-13 fusion-sep-none fusion-title-text fusion-title-size-two\" style=\"--awb-text-color:var(--awb-color4);--awb-font-size:32px;\"><h2 class=\"fusion-title-heading title-heading-left awb-gradient-text fusion-responsive-typography-calculated\" style=\"font-family:var(--awb-typography1-font-family);font-weight:var(--awb-typography1-font-weight);font-style:var(--awb-typography1-font-style);margin:0;font-size:1em;text-transform:none;background-color:var(--awb-color4);background-image:radial-gradient(circle at left center, var(--awb-color4) 12%,var(--awb-color4) 39%);--fontSize:32;line-height:1.5;\">Zust\u00e4ndige Aufsichtsbeh\u00f6rde<\/h2><\/div><div class=\"fusion-text fusion-text-12\"><p>\u00dcber die vorstehend genannten Rechte hinaus steht Ihnen auch das Recht zu, sich bei der f\u00fcr uns zust\u00e4ndigen Aufsichtsbeh\u00f6rde zu beschweren, wenn Sie der Ansicht sind, dass die Verarbeitung der Sie betreffenden personenbezogenen Daten gegen die DSGVO verst\u00f6\u00dft, Art. 77 DSGVO.<\/p>\n<p>Zust\u00e4ndig f\u00fcr uns ist:<\/p>\n<p>Bayerisches Landesamt f\u00fcr Datenschutzaufsicht (BayLDA)<br \/>\nPromenade 18<br \/>\n91522 Ansbach<\/p>\n<\/div><div class=\"fusion-title title fusion-title-14 fusion-sep-none fusion-title-text fusion-title-size-two\" style=\"--awb-text-color:var(--awb-color4);--awb-font-size:32px;\"><h2 class=\"fusion-title-heading title-heading-left awb-gradient-text fusion-responsive-typography-calculated\" style=\"font-family:var(--awb-typography1-font-family);font-weight:var(--awb-typography1-font-weight);font-style:var(--awb-typography1-font-style);margin:0;font-size:1em;text-transform:none;background-color:var(--awb-color4);background-image:radial-gradient(circle at left center, var(--awb-color4) 12%,var(--awb-color4) 39%);--fontSize:32;line-height:1.5;\">Links auf Internet-Seiten anderer Unternehmen<\/h2><\/div><div class=\"fusion-text fusion-text-13\"><p>Unsere Webseite enth\u00e4lt Links auf Internet-Seiten anderer Unternehmen. Wir sind nicht verantwortlich f\u00fcr die Datenschutzvorkehrungen auf externen Webseiten, die Sie \u00fcber diese Links erreichen k\u00f6nnen. Bitte informieren Sie sich dort \u00fcber den Datenschutz dieser externen Webseiten.<\/p>\n<\/div><div class=\"fusion-title title fusion-title-15 fusion-sep-none fusion-title-text fusion-title-size-two\" style=\"--awb-text-color:var(--awb-color4);--awb-font-size:32px;\"><h2 class=\"fusion-title-heading title-heading-left awb-gradient-text fusion-responsive-typography-calculated\" style=\"font-family:var(--awb-typography1-font-family);font-weight:var(--awb-typography1-font-weight);font-style:var(--awb-typography1-font-style);margin:0;font-size:1em;text-transform:none;background-color:var(--awb-color4);background-image:radial-gradient(circle at left center, var(--awb-color4) 12%,var(--awb-color4) 39%);--fontSize:32;line-height:1.5;\">\u00c4nderung der Datenschutzhinweise<\/h2><\/div><div class=\"fusion-text fusion-text-14\"><p>Um zu gew\u00e4hrleisten, dass unsere Datenschutzhinweise stets den aktuellen gesetzlichen Vorgaben entsprechen, behalten wir uns jederzeit \u00c4nderungen vor. Das gilt auch f\u00fcr den Fall, dass die Datenschutzhinweise aufgrund neuer oder \u00fcberarbeiteter Angebote oder Leistungen angepasst werden m\u00fcssen.<\/p>\n<\/div><\/div><\/div><\/div><\/div><\/p>\n","protected":false},"excerpt":{"rendered":"","protected":false},"author":1,"featured_media":0,"parent":0,"menu_order":0,"comment_status":"closed","ping_status":"open","template":"100-width.php","meta":{"iawp_total_views":13,"footnotes":""},"class_list":["post-3","page","type-page","status-publish","hentry"],"_links":{"self":[{"href":"https:\/\/www.mms-retailmedia.com\/de\/wp-json\/wp\/v2\/pages\/3","targetHints":{"allow":["GET"]}}],"collection":[{"href":"https:\/\/www.mms-retailmedia.com\/de\/wp-json\/wp\/v2\/pages"}],"about":[{"href":"https:\/\/www.mms-retailmedia.com\/de\/wp-json\/wp\/v2\/types\/page"}],"author":[{"embeddable":true,"href":"https:\/\/www.mms-retailmedia.com\/de\/wp-json\/wp\/v2\/users\/1"}],"replies":[{"embeddable":true,"href":"https:\/\/www.mms-retailmedia.com\/de\/wp-json\/wp\/v2\/comments?post=3"}],"version-history":[{"count":25,"href":"https:\/\/www.mms-retailmedia.com\/de\/wp-json\/wp\/v2\/pages\/3\/revisions"}],"predecessor-version":[{"id":7531,"href":"https:\/\/www.mms-retailmedia.com\/de\/wp-json\/wp\/v2\/pages\/3\/revisions\/7531"}],"wp:attachment":[{"href":"https:\/\/www.mms-retailmedia.com\/de\/wp-json\/wp\/v2\/media?parent=3"}],"curies":[{"name":"wp","href":"https:\/\/api.w.org\/{rel}","templated":true}]}}